{"id":1375,"date":"2021-11-17T12:50:25","date_gmt":"2021-11-17T15:50:25","guid":{"rendered":"https:\/\/ccargtur.org\/news\/"},"modified":"2025-08-27T00:27:10","modified_gmt":"2025-08-27T03:27:10","slug":"news","status":"publish","type":"page","link":"https:\/\/ccargtur.org\/en\/news\/","title":{"rendered":"News"},"content":{"rendered":"<div class=\"wpb-content-wrapper\"><p>[vc_row full_width=&#8221;stretch_row&#8221; content_placement=&#8221;middle&#8221; overflow=&#8221;default&#8221; css=&#8221;.vc_custom_1637172919016{padding-top: 80px !important;padding-bottom: 50px !important;background-image: url(https:\/\/ccargtur.org\/wp-content\/uploads\/2021\/11\/Fondo_noticias.jpg?id=331) !important;background-position: center !important;background-repeat: no-repeat !important;background-size: cover !important;}&#8221;][vc_column css_animation=&#8221;fadeInRight&#8221; width=&#8221;1\/2&#8243; overflow=&#8221;default&#8221;]\r\n\r\n\t<div class=\"sh-heading sh-heading-style1\" id=\"heading-1krqDEsibw\">\r\n\t\t<h2 class=\"sh-heading-content size-custom\">\r\n\t\t\t<\/span>\n<span style=\"text-align: left;\">News<\/span>\n<span>\t\t<\/h2>\r\n\t<\/div>\r\n\r\n            <style type=\"text\/css\">\r\n                #heading-1krqDEsibw {margin: 0px 0px 16px 0px;}@media (max-width: 1024px) {#heading-1krqDEsibw .sh-heading-content {font-size: 30px!important;}}#heading-1krqDEsibw .sh-heading-content strong,#heading-1krqDEsibw .sh-heading-additional-text strong {font-weight: 900!important;}#heading-1krqDEsibw .sh-heading-content {font-size: 39px;font-weight: 900!important;color: #ffffff;}            <\/style>\r\n        [vc_column_text]<span style=\"color: #ffffff; font-size: 20px;\">We are creating a network of companies to develop new commercial projections<\/span>[\/vc_column_text][\/vc_column][vc_column width=&#8221;1\/2&#8243;][\/vc_column][\/vc_row][vc_row full_width=&#8221;stretch_row&#8221; overflow=&#8221;default&#8221; css=&#8221;.vc_custom_1637172884949{padding-top: 30px !important;padding-bottom: 30px !important;background-color: #f5f5f5 !important;}&#8221;][vc_column]\r\n<div id=\"text-block-m5IGDxc8J6\" class=\"sh-text-block\">\r\n\t<\/p>\n<h1 style=\"text-align: center;\">News, articles and novelties.<\/h1>\n<p><\/div>\r\n            <style type=\"text\/css\">\r\n                #text-block-m5IGDxc8J6 {margin: 0px 0px 15px 0px;}#text-block-m5IGDxc8J6 a:hover,#text-block-m5IGDxc8J6 a:focus {color: #ee2d34;}#text-block-m5IGDxc8J6 .drop-cap {font-weight: bold;font-size: 50px;display: block;float: left;margin: 8px 10px 0 0;}#text-block-m5IGDxc8J6 p {margin-bottom: 0;}            <\/style>\r\n        [vc_column_text]<\/p>\n<p style=\"text-align: center;\"><style id=\"sp_pcp_dynamic_style2796\">#pcp_wrapper-2796:not(.sps-glossary-layout) .sp-pcp-row,#pcp_wrapper-2796 .sps-glossary-items-group .sps-glossary-items-content {margin-right: -10px;margin-left: -10px;}#pcp_wrapper-2796 .sp-pcp-row [class*='sp-pcp-col-']{padding-right: 10px;padding-left: 10px; padding-bottom:20px;}.pcp-wrapper-2796 .sp-pcp-title a {color: #111;display: inherit;} .pcp-wrapper-2796 .sp-pcp-title a:hover {color: #9b9b9b;}.pcp-wrapper-2796 .sp-pcp-post-content{color: #444; }#pcp_wrapper-2796 .sp-pcp-post {padding: 0 0 0 0;}#pcp_wrapper-2796.sp-slider_layout .sp-pcp-post .sp-pcp-post-details {top: 0; right:0; bottom:0; left:0;}#pcp_wrapper-2796 .sp-pcp-post {border: 0px solid #e2e2e2; border-radius: 0px }#pcp_wrapper-2796 .sp-pcp-post{background-color: transparent;}#pcp_wrapper-2796 .pcp-post-thumb-wrapper{border: 0px solid #dddddd;border-radius:0px;}.pcp-wrapper-2796 .sp-pcp-post-meta li,.pcp-wrapper-2796 .sp-pcp-post-meta ul,.pcp-wrapper-2796 .sp-pcp-post-meta li a{color: #888;}.pcp-wrapper-2796 .sp-pcp-post-meta li a:hover{color: #9b9b9b;}#pcp_wrapper-2796 .pcp-readmore-link{ background: transparent; color: #111; border: 1px solid #888; border-radius: 0px; } #pcp_wrapper-2796 .pcp-readmore-link:hover { background-color: #9b9b9b; color: #fff; border-color: #9b9b9b; }#pcp_wrapper-2796 .pcp-post-pagination .page-numbers.current, #pcp_wrapper-2796 .pcp-post-pagination a.active , #pcp_wrapper-2796 .pcp-post-pagination a:hover{ color: #ffffff; background: #9b9b9b; border-color: #9b9b9b; }#pcp_wrapper-2796 .pcp-post-pagination .page-numbers, .pcp-post-pagination a{ background: #ffffff; color:#5e5e5e; border: 2px solid #bbbbbb;border-radius: 2px; }#pcp_wrapper-2796 .pcp-post-pagination{text-align: center;}@media (min-width: 1200px) {.sp-pcp-row .sp-pcp-col-xl-1 {flex: 0 0 100%;}.sp-pcp-row .sp-pcp-col-xl-2 {flex: 1 1 calc( 50% - 20px);}.sp-pcp-row .sp-pcp-col-xl-3 {flex: 1 1 calc( 33.333% - 20px);}.sp-pcp-row .sp-pcp-col-xl-4 {flex: 1 1 calc( 25% - 20px);}.sp-pcp-row .sp-pcp-col-xl-5 { flex: 1 1 calc( 20% - 20px);}.sp-pcp-row .sp-pcp-col-xl-6 {flex: 1 1 calc( 16.66666666666667% - 20px);}.sp-pcp-row .sp-pcp-col-xl-7 {flex: 1 1 calc( 14.28571428% - 20px);}.sp-pcp-row .sp-pcp-col-xl-8 {flex: 1 1 calc( 12.5% - 20px);}}@media (max-width: 1200px) {.sp-pcp-row .sp-pcp-col-lg-1 {flex: 0 0 100%;}.sp-pcp-row .sp-pcp-col-lg-2 {flex: 1 1 calc( 50% - 20px);}.sp-pcp-row .sp-pcp-col-lg-3 {flex: 1 1 calc( 33.333% - 20px);}.sp-pcp-row .sp-pcp-col-lg-4 {flex: 1 1 calc( 25% - 20px);}.sp-pcp-row .sp-pcp-col-lg-5 { flex: 1 1 calc( 20% - 20px);}.sp-pcp-row .sp-pcp-col-lg-6 {flex: 1 1 calc( 16.66666666666667% - 20px);}.sp-pcp-row .sp-pcp-col-lg-7 {flex: 1 1 calc( 14.28571428% - 20px);}.sp-pcp-row .sp-pcp-col-lg-8 {flex: 1 1 calc( 12.5% - 20px);}}@media (max-width: 992px) {.sp-pcp-row .sp-pcp-col-md-1 {flex: 0 0 100%;}.sp-pcp-row .sp-pcp-col-md-2 {flex: 1 1 calc( 50% - 20px);}.sp-pcp-row .sp-pcp-col-md-2-5 {flex: 0 0 75%;}.sp-pcp-row .sp-pcp-col-md-3 {flex: 1 1 calc( 33.333% - 20px);}.sp-pcp-row .sp-pcp-col-md-4 {flex: 1 1 calc( 25% - 20px);}.sp-pcp-row .sp-pcp-col-md-5 { flex: 1 1 calc( 20% - 20px);}.sp-pcp-row .sp-pcp-col-md-6 {flex: 1 1 calc( 16.66666666666667% - 20px);}.sp-pcp-row .sp-pcp-col-md-7 {flex: 1 1 calc( 14.28571428% - 20px);}.sp-pcp-row .sp-pcp-col-md-8 {flex: 1 1 calc( 12.5% - 20px);}}@media (max-width: 768px) {.sp-pcp-row .sp-pcp-col-sm-1 {flex: 0 0 100%;}.sp-pcp-row .sp-pcp-col-sm-2 {flex: 1 1 calc( 50% - 20px);}.sp-pcp-row .sp-pcp-col-sm-2-5 {flex: 0 0 75%;}.sp-pcp-row .sp-pcp-col-sm-3 {flex: 1 1 calc( 33.333% - 20px);}.sp-pcp-row .sp-pcp-col-sm-4 {flex: 1 1 calc( 25% - 20px);}.sp-pcp-row .sp-pcp-col-sm-5 { flex: 1 1 calc( 20% - 20px);}.sp-pcp-row .sp-pcp-col-sm-6 {flex: 1 1 calc( 16.66666666666667% - 20px);}.sp-pcp-row .sp-pcp-col-sm-7 {flex: 1 1 calc( 14.28571428% - 20px);}.sp-pcp-row .sp-pcp-col-sm-8 {flex: 1 1 calc( 12.5% - 20px);}}@media (max-width: 420px) {.sp-pcp-row .sp-pcp-col-xs-1 {flex: 0 0 100%;}.sp-pcp-row .sp-pcp-col-xs-2 {flex: 1 1 calc( 50% - 20px);}.sp-pcp-row .sp-pcp-col-xs-3 {flex: 1 1 calc( 33.333% - 20px);}.sp-pcp-row .sp-pcp-col-xs-4 {flex: 1 1 calc( 25% - 20px);}.sp-pcp-row .sp-pcp-col-xs-5 { flex: 1 1 calc( 20% - 20px);}.sp-pcp-row .sp-pcp-col-xs-6 {flex: 1 1 calc( 16.66666666666667% - 20px);}.sp-pcp-row .sp-pcp-col-xs-7 {flex: 1 1 calc( 14.28571428% - 20px);}.sp-pcp-row .sp-pcp-col-xs-8 {flex: 1 1 calc( 12.5% - 20px);}}<\/style>\n<div id=\"pcp_wrapper-2796\" class=\"sp-pcp-section sp-pcp-container pcp-wrapper-2796\">\n\t<div class=\"sp-pcp-row\">\n\t\t\t\t<div class=\" sp-pcp-col-xs-2 sp-pcp-col-sm-2 sp-pcp-col-md-3 sp-pcp-col-lg-3 sp-pcp-col-xl-3\">\n\t\t\t<div class=\"sp-pcp-post default pcp-item-3613\" data-id=\"3613\">\n\t\t\t\t\t\t\t\t<div class=\"pcp-post-thumb-wrapper\">\n\t\t\t\t\t<div class=\"sp-pcp-post-thumb-area\">\n\t\t\t\t\t\t\t\t\t\t\t\t<a class=\"sp-pcp-thumb\" href=\"https:\/\/ccargtur.org\/en\/las-flores-strengthens-ties-with-the-argentine-turkish-chamber-to-promote-investments-and-productive-growth\/\" target=\"_self\" >\n\t\t\t\t\t\t\t\t\t\t\t\t\t<img loading=\"lazy\" decoding=\"async\" src=\"https:\/\/ccargtur.org\/wp-content\/uploads\/2026\/02\/logo1.png\" width=\"600\" height=\"400\" alt=\"\">\n\t\t\t\t\t\t<\/a>\n\t\t\t\t\t<\/div>\n\t\t\t\t<\/div>\n\t\t\t\t\t\t\t\t<div class=\"sp-pcp-post-details\">\n\t\t\t\t\t<div class=\"sp-pcp-post-details-content\">\n\t\t\t\t\t\t\t\t<h2 class=\"sp-pcp-title\">\n\t\t\t\t\t\t\t\t\t<a href=\"https:\/\/ccargtur.org\/en\/las-flores-strengthens-ties-with-the-argentine-turkish-chamber-to-promote-investments-and-productive-growth\/\"  target=\"_self\">06\/7\/2026<\/a>\t\t\t\t\t\t\t<\/h2>\n\t\t\t\t\t\t<div class=\"sp-pcp-post-content\">\n\t\t\t<p>Las Flores strengthens ties with the Argentine-Turkish Chamber to promote investments and productive growth The municipality received businessmen and representatives of the Argentine-Turkish Chamber in a work day aimed at promoting new opportunities for cooperation, investment and development for the city. The delegation toured productive...<\/p>\n\t\t<div class=\"sp-pcp-readmore\">\n\t\t\t\t\t\t\t<a class=\"pcp-readmore-link\" target=\"_self\" href=\"https:\/\/ccargtur.org\/en\/las-flores-strengthens-ties-with-the-argentine-turkish-chamber-to-promote-investments-and-productive-growth\/\" >\n\t\t\t\t\t\tRead More <\/a>\n\t\t<\/div>\n\t\t\t\t\t<\/div>\n\t\t\t\t\t\t\t\t<\/div>\n\t\t\t\t<\/div>\n\t\t\t<\/div>\n\t\t<\/div>\n\t\t\t\t<div class=\" sp-pcp-col-xs-2 sp-pcp-col-sm-2 sp-pcp-col-md-3 sp-pcp-col-lg-3 sp-pcp-col-xl-3\">\n\t\t\t<div class=\"sp-pcp-post default pcp-item-3481\" data-id=\"3481\">\n\t\t\t\t\t\t\t\t<div class=\"pcp-post-thumb-wrapper\">\n\t\t\t\t\t<div class=\"sp-pcp-post-thumb-area\">\n\t\t\t\t\t\t\t\t\t\t\t\t<a class=\"sp-pcp-thumb\" href=\"https:\/\/www.infocamaras.com.ar\/camara-de-comercio-argentino-turca-y-camara-de-exportadores-de-la-republica-argentina-afianzan-lazos-de-cooperacion\/\" target=\"_self\" >\n\t\t\t\t\t\t\t\t\t\t\t\t\t<img loading=\"lazy\" decoding=\"async\" src=\"https:\/\/ccargtur.org\/wp-content\/uploads\/2025\/09\/infocamaras.jpg\" width=\"1280\" height=\"437\" alt=\"\">\n\t\t\t\t\t\t<\/a>\n\t\t\t\t\t<\/div>\n\t\t\t\t<\/div>\n\t\t\t\t\t\t\t\t<div class=\"sp-pcp-post-details\">\n\t\t\t\t\t<div class=\"sp-pcp-post-details-content\">\n\t\t\t\t\t\t\t\t<h2 class=\"sp-pcp-title\">\n\t\t\t\t\t\t\t\t\t<a href=\"https:\/\/www.infocamaras.com.ar\/camara-de-comercio-argentino-turca-y-camara-de-exportadores-de-la-republica-argentina-afianzan-lazos-de-cooperacion\/\"  target=\"_self\">28-04-2026<\/a>\t\t\t\t\t\t\t<\/h2>\n\t\t\t\t\t\t<div class=\"sp-pcp-post-content\">\n\t\t\t<p>Argentine Turkish Chamber of Commerce and Chamber of Exporters of the Argentine Republic strengthen ties of cooperation<\/p>\n\t\t<div class=\"sp-pcp-readmore\">\n\t\t\t\t\t\t\t<a class=\"pcp-readmore-link\" target=\"_self\" href=\"https:\/\/www.infocamaras.com.ar\/camara-de-comercio-argentino-turca-y-camara-de-exportadores-de-la-republica-argentina-afianzan-lazos-de-cooperacion\/\" >\n\t\t\t\t\t\tRead More <\/a>\n\t\t<\/div>\n\t\t\t\t\t<\/div>\n\t\t\t\t\t\t\t\t<\/div>\n\t\t\t\t<\/div>\n\t\t\t<\/div>\n\t\t<\/div>\n\t\t\t\t<div class=\" sp-pcp-col-xs-2 sp-pcp-col-sm-2 sp-pcp-col-md-3 sp-pcp-col-lg-3 sp-pcp-col-xl-3\">\n\t\t\t<div class=\"sp-pcp-post default pcp-item-3391\" data-id=\"3391\">\n\t\t\t\t\t\t\t\t<div class=\"pcp-post-thumb-wrapper\">\n\t\t\t\t\t<div class=\"sp-pcp-post-thumb-area\">\n\t\t\t\t\t\t\t\t\t\t\t\t<a class=\"sp-pcp-thumb\" href=\"https:\/\/www.ambito.com\/opiniones\/minerales-estrategicos-un-nuevo-eje-cooperacion-argentina-y-turquia-n6255856\" target=\"_self\" >\n\t\t\t\t\t\t\t\t\t\t\t\t\t<img loading=\"lazy\" decoding=\"async\" src=\"https:\/\/ccargtur.org\/wp-content\/uploads\/2025\/08\/Ambito.png\" width=\"745\" height=\"300\" alt=\"\">\n\t\t\t\t\t\t<\/a>\n\t\t\t\t\t<\/div>\n\t\t\t\t<\/div>\n\t\t\t\t\t\t\t\t<div class=\"sp-pcp-post-details\">\n\t\t\t\t\t<div class=\"sp-pcp-post-details-content\">\n\t\t\t\t\t\t\t\t<h2 class=\"sp-pcp-title\">\n\t\t\t\t\t\t\t\t\t<a href=\"https:\/\/www.ambito.com\/opiniones\/minerales-estrategicos-un-nuevo-eje-cooperacion-argentina-y-turquia-n6255856\"  target=\"_self\">15-03-2026<\/a>\t\t\t\t\t\t\t<\/h2>\n\t\t\t\t\t\t<div class=\"sp-pcp-post-content\">\n\t\t\t<p>Strategic minerals: a new axis of cooperation between Argentina and T\u00fcrkiye<\/p>\n\t\t<div class=\"sp-pcp-readmore\">\n\t\t\t\t\t\t\t<a class=\"pcp-readmore-link\" target=\"_self\" href=\"https:\/\/www.ambito.com\/opiniones\/minerales-estrategicos-un-nuevo-eje-cooperacion-argentina-y-turquia-n6255856\" >\n\t\t\t\t\t\tRead More <\/a>\n\t\t<\/div>\n\t\t\t\t\t<\/div>\n\t\t\t\t\t\t\t\t<\/div>\n\t\t\t\t<\/div>\n\t\t\t<\/div>\n\t\t<\/div>\n\t\t\t\t<div class=\" sp-pcp-col-xs-2 sp-pcp-col-sm-2 sp-pcp-col-md-3 sp-pcp-col-lg-3 sp-pcp-col-xl-3\">\n\t\t\t<div class=\"sp-pcp-post default pcp-item-3248\" data-id=\"3248\">\n\t\t\t\t\t\t\t\t<div class=\"pcp-post-thumb-wrapper\">\n\t\t\t\t\t<div class=\"sp-pcp-post-thumb-area\">\n\t\t\t\t\t\t\t\t\t\t\t\t<a class=\"sp-pcp-thumb\" href=\"https:\/\/ccargtur.org\/en\/the-argentine-turkish-chamber-together-with-businesspeople-held-a-meeting-with-the-mayor-of-las-flores\/\" target=\"_self\" >\n\t\t\t\t\t\t\t\t\t\t\t\t\t<img loading=\"lazy\" decoding=\"async\" src=\"https:\/\/ccargtur.org\/wp-content\/uploads\/2026\/02\/multimedia.grande.ba5faef4c5b8bb01.Z3JhbmRlLndlYnA.webp\" width=\"1600\" height=\"1066\" alt=\"\">\n\t\t\t\t\t\t<\/a>\n\t\t\t\t\t<\/div>\n\t\t\t\t<\/div>\n\t\t\t\t\t\t\t\t<div class=\"sp-pcp-post-details\">\n\t\t\t\t\t<div class=\"sp-pcp-post-details-content\">\n\t\t\t\t\t\t\t\t<h2 class=\"sp-pcp-title\">\n\t\t\t\t\t\t\t\t\t<a href=\"https:\/\/ccargtur.org\/en\/the-argentine-turkish-chamber-together-with-businesspeople-held-a-meeting-with-the-mayor-of-las-flores\/\"  target=\"_self\">The Argentine\u2013Turkish Chamber, together with businesspeople, held a meeting with the Mayor of Las Flores.<\/a>\t\t\t\t\t\t\t<\/h2>\n\t\t\t\t\t\t<div class=\"sp-pcp-post-content\">\n\t\t\t<p>A business delegation recently arrived from Turkiye, based in the city of Ankara, visited Las Flores and held an important institutional meeting with the municipal mayor, Fabi\u00e1n Blanstein, as part of an agenda focused on productive development and the strengthening of international trade ties. The...<\/p>\n\t\t<div class=\"sp-pcp-readmore\">\n\t\t\t\t\t\t\t<a class=\"pcp-readmore-link\" target=\"_self\" href=\"https:\/\/ccargtur.org\/en\/the-argentine-turkish-chamber-together-with-businesspeople-held-a-meeting-with-the-mayor-of-las-flores\/\" >\n\t\t\t\t\t\tRead More <\/a>\n\t\t<\/div>\n\t\t\t\t\t<\/div>\n\t\t\t\t\t\t\t\t<\/div>\n\t\t\t\t<\/div>\n\t\t\t<\/div>\n\t\t<\/div>\n\t\t\t\t<div class=\" sp-pcp-col-xs-2 sp-pcp-col-sm-2 sp-pcp-col-md-3 sp-pcp-col-lg-3 sp-pcp-col-xl-3\">\n\t\t\t<div class=\"sp-pcp-post default pcp-item-3184\" data-id=\"3184\">\n\t\t\t\t\t\t\t\t<div class=\"pcp-post-thumb-wrapper\">\n\t\t\t\t\t<div class=\"sp-pcp-post-thumb-area\">\n\t\t\t\t\t\t\t\t\t\t\t\t<a class=\"sp-pcp-thumb\" href=\"https:\/\/ccargtur.org\/en\/the-true-story-of-santa-claus-his-name-was-nicholas-he-was-born-in-turkey-and-he-was-a-bishop\/\" target=\"_self\" >\n\t\t\t\t\t\t\t\t\t\t\t\t\t<img loading=\"lazy\" decoding=\"async\" src=\"https:\/\/ccargtur.org\/wp-content\/uploads\/2025\/12\/download.jpg\" width=\"739\" height=\"415\" alt=\"\">\n\t\t\t\t\t\t<\/a>\n\t\t\t\t\t<\/div>\n\t\t\t\t<\/div>\n\t\t\t\t\t\t\t\t<div class=\"sp-pcp-post-details\">\n\t\t\t\t\t<div class=\"sp-pcp-post-details-content\">\n\t\t\t\t\t\t\t\t<h2 class=\"sp-pcp-title\">\n\t\t\t\t\t\t\t\t\t<a href=\"https:\/\/ccargtur.org\/en\/the-true-story-of-santa-claus-his-name-was-nicholas-he-was-born-in-turkey-and-he-was-a-bishop\/\"  target=\"_self\">The True Story of Santa Claus: His Name Was Nicholas, He Was Born in Turkey, and He Was a Bishop<\/a>\t\t\t\t\t\t\t<\/h2>\n\t\t\t\t\t\t<div class=\"sp-pcp-post-content\">\n\t\t\t<p>The story of Nicholas of Patara\u2014who inspired the figure of Santa Claus\u2014is that of a man shaped by tragedy and nobility. Over the centuries, Nicholas of Patara crossed borders and cultures: from the Dutch Sinterklaas to the American Santa Claus, eventually returning to Turkey as...<\/p>\n\t\t<div class=\"sp-pcp-readmore\">\n\t\t\t\t\t\t\t<a class=\"pcp-readmore-link\" target=\"_self\" href=\"https:\/\/ccargtur.org\/en\/the-true-story-of-santa-claus-his-name-was-nicholas-he-was-born-in-turkey-and-he-was-a-bishop\/\" >\n\t\t\t\t\t\tRead More <\/a>\n\t\t<\/div>\n\t\t\t\t\t<\/div>\n\t\t\t\t\t\t\t\t<\/div>\n\t\t\t\t<\/div>\n\t\t\t<\/div>\n\t\t<\/div>\n\t\t\t\t<div class=\" sp-pcp-col-xs-2 sp-pcp-col-sm-2 sp-pcp-col-md-3 sp-pcp-col-lg-3 sp-pcp-col-xl-3\">\n\t\t\t<div class=\"sp-pcp-post default pcp-item-3130\" data-id=\"3130\">\n\t\t\t\t\t\t\t\t<div class=\"pcp-post-thumb-wrapper\">\n\t\t\t\t\t<div class=\"sp-pcp-post-thumb-area\">\n\t\t\t\t\t\t\t\t\t\t\t\t<a class=\"sp-pcp-thumb\" href=\"https:\/\/ccargtur.org\/en\/attendance-at-the-congress-on-science-technology-and-innovation-for-national-defense-2\/\" target=\"_self\" >\n\t\t\t\t\t\t\t\t\t\t\t\t\t<img loading=\"lazy\" decoding=\"async\" src=\"https:\/\/ccargtur.org\/wp-content\/uploads\/2025\/10\/ozgur.jpeg\" width=\"1280\" height=\"960\" alt=\"\">\n\t\t\t\t\t\t<\/a>\n\t\t\t\t\t<\/div>\n\t\t\t\t<\/div>\n\t\t\t\t\t\t\t\t<div class=\"sp-pcp-post-details\">\n\t\t\t\t\t<div class=\"sp-pcp-post-details-content\">\n\t\t\t\t\t\t\t\t<h2 class=\"sp-pcp-title\">\n\t\t\t\t\t\t\t\t\t<a href=\"https:\/\/ccargtur.org\/en\/attendance-at-the-congress-on-science-technology-and-innovation-for-national-defense-2\/\"  target=\"_self\">Attendance at the Congress on Science, Technology and Innovation for National Defense<\/a>\t\t\t\t\t\t\t<\/h2>\n\t\t\t\t\t\t<div class=\"sp-pcp-post-content\">\n\t\t\t<p>CCARGTUR Activity \u2013 October 8, 2025 The President of the Argentine-Turkish Chamber of Commerce (CCARGTUR), Mr. \u00d6zg\u00fcr Y\u00fccel Demir, attended the 2nd Congress on Science, Technology and Innovation for National Defense and the 1st Defense Industry Exhibition, an event organized by the Secretariat of Research,...<\/p>\n\t\t<div class=\"sp-pcp-readmore\">\n\t\t\t\t\t\t\t<a class=\"pcp-readmore-link\" target=\"_self\" href=\"https:\/\/ccargtur.org\/en\/attendance-at-the-congress-on-science-technology-and-innovation-for-national-defense-2\/\" >\n\t\t\t\t\t\tRead More <\/a>\n\t\t<\/div>\n\t\t\t\t\t<\/div>\n\t\t\t\t\t\t\t\t<\/div>\n\t\t\t\t<\/div>\n\t\t\t<\/div>\n\t\t<\/div>\n\t\t\t\t<div class=\" sp-pcp-col-xs-2 sp-pcp-col-sm-2 sp-pcp-col-md-3 sp-pcp-col-lg-3 sp-pcp-col-xl-3\">\n\t\t\t<div class=\"sp-pcp-post default pcp-item-3061\" data-id=\"3061\">\n\t\t\t\t\t\t\t\t<div class=\"pcp-post-thumb-wrapper\">\n\t\t\t\t\t<div class=\"sp-pcp-post-thumb-area\">\n\t\t\t\t\t\t\t\t\t\t\t\t<a class=\"sp-pcp-thumb\" href=\"https:\/\/ccargtur.org\/en\/live-cattle-exports-to-turkiye\/\" target=\"_self\" >\n\t\t\t\t\t\t\t\t\t\t\t\t\t<img loading=\"lazy\" decoding=\"async\" src=\"https:\/\/ccargtur.org\/wp-content\/uploads\/2025\/10\/Imagen-de-WhatsApp-2025-10-10-a-las-08.12.58_f683dedc.jpg\" width=\"1256\" height=\"620\" alt=\"\">\n\t\t\t\t\t\t<\/a>\n\t\t\t\t\t<\/div>\n\t\t\t\t<\/div>\n\t\t\t\t\t\t\t\t<div class=\"sp-pcp-post-details\">\n\t\t\t\t\t<div class=\"sp-pcp-post-details-content\">\n\t\t\t\t\t\t\t\t<h2 class=\"sp-pcp-title\">\n\t\t\t\t\t\t\t\t\t<a href=\"https:\/\/ccargtur.org\/en\/live-cattle-exports-to-turkiye\/\"  target=\"_self\">Live Cattle Exports to T\u00fcrkiye: Overcoming Sanitary and Bureaucratic Barriers<\/a>\t\t\t\t\t\t\t<\/h2>\n\t\t\t\t\t\t<div class=\"sp-pcp-post-content\">\n\t\t\t<p>By \u00d6zg\u00fcr Y\u00fccel Demir and Carlos Brown A few days ago, in an article published by several media outlets, we celebrated the news that Argentine cattle producers were preparing for their first live cattle export following the repeal of the old Decree No. 322 of...<\/p>\n\t\t<div class=\"sp-pcp-readmore\">\n\t\t\t\t\t\t\t<a class=\"pcp-readmore-link\" target=\"_self\" href=\"https:\/\/ccargtur.org\/en\/live-cattle-exports-to-turkiye\/\" >\n\t\t\t\t\t\tRead More <\/a>\n\t\t<\/div>\n\t\t\t\t\t<\/div>\n\t\t\t\t\t\t\t\t<\/div>\n\t\t\t\t<\/div>\n\t\t\t<\/div>\n\t\t<\/div>\n\t\t\t\t<div class=\" sp-pcp-col-xs-2 sp-pcp-col-sm-2 sp-pcp-col-md-3 sp-pcp-col-lg-3 sp-pcp-col-xl-3\">\n\t\t\t<div class=\"sp-pcp-post default pcp-item-3034\" data-id=\"3034\">\n\t\t\t\t\t\t\t\t<div class=\"pcp-post-thumb-wrapper\">\n\t\t\t\t\t<div class=\"sp-pcp-post-thumb-area\">\n\t\t\t\t\t\t\t\t\t\t\t\t<a class=\"sp-pcp-thumb\" href=\"https:\/\/ccargtur.org\/en\/institutional-visit-to-the-brazilian-argentine-chamber-of-commerce\/\" target=\"_self\" >\n\t\t\t\t\t\t\t\t\t\t\t\t\t<img loading=\"lazy\" decoding=\"async\" src=\"https:\/\/ccargtur.org\/wp-content\/uploads\/2025\/10\/Imagen-de-WhatsApp-2025-10-09-a-las-06.28.05_7833019a.jpg\" width=\"1500\" height=\"1000\" alt=\"\">\n\t\t\t\t\t\t<\/a>\n\t\t\t\t\t<\/div>\n\t\t\t\t<\/div>\n\t\t\t\t\t\t\t\t<div class=\"sp-pcp-post-details\">\n\t\t\t\t\t<div class=\"sp-pcp-post-details-content\">\n\t\t\t\t\t\t\t\t<h2 class=\"sp-pcp-title\">\n\t\t\t\t\t\t\t\t\t<a href=\"https:\/\/ccargtur.org\/en\/institutional-visit-to-the-brazilian-argentine-chamber-of-commerce\/\"  target=\"_self\">Institutional visit to the Brazilian-Argentine Chamber of Commerce (CAMBRAS).<\/a>\t\t\t\t\t\t\t<\/h2>\n\t\t\t\t\t\t<div class=\"sp-pcp-post-content\">\n\t\t\t<p>CCARGTUR Activity \u2013 October 7, 2025 The President of the Argentine-Turkish Chamber of Commerce (CCARGTUR), Mr. \u00d6zg\u00fcr Y\u00fccel Demir, together with Dr. Silvia Salvi, member of the Executive Committee, carried out an institutional visit to the Brazilian-Argentine Chamber of Commerce (CAMBRAS). During the meeting, they...<\/p>\n\t\t<div class=\"sp-pcp-readmore\">\n\t\t\t\t\t\t\t<a class=\"pcp-readmore-link\" target=\"_self\" href=\"https:\/\/ccargtur.org\/en\/institutional-visit-to-the-brazilian-argentine-chamber-of-commerce\/\" >\n\t\t\t\t\t\tRead More <\/a>\n\t\t<\/div>\n\t\t\t\t\t<\/div>\n\t\t\t\t\t\t\t\t<\/div>\n\t\t\t\t<\/div>\n\t\t\t<\/div>\n\t\t<\/div>\n\t\t\t\t<div class=\" sp-pcp-col-xs-2 sp-pcp-col-sm-2 sp-pcp-col-md-3 sp-pcp-col-lg-3 sp-pcp-col-xl-3\">\n\t\t\t<div class=\"sp-pcp-post default pcp-item-2992\" data-id=\"2992\">\n\t\t\t\t\t\t\t\t<div class=\"pcp-post-thumb-wrapper\">\n\t\t\t\t\t<div class=\"sp-pcp-post-thumb-area\">\n\t\t\t\t\t\t\t\t\t\t\t\t<a class=\"sp-pcp-thumb\" href=\"https:\/\/ccargtur.org\/en\/agreement-with-fecoba-2\/\" target=\"_self\" >\n\t\t\t\t\t\t\t\t\t\t\t\t\t<img loading=\"lazy\" decoding=\"async\" src=\"https:\/\/ccargtur.org\/wp-content\/uploads\/2025\/10\/Imagen-de-WhatsApp-2025-10-07-a-las-05.27.46_99c8183c.jpg\" width=\"1200\" height=\"900\" alt=\"\">\n\t\t\t\t\t\t<\/a>\n\t\t\t\t\t<\/div>\n\t\t\t\t<\/div>\n\t\t\t\t\t\t\t\t<div class=\"sp-pcp-post-details\">\n\t\t\t\t\t<div class=\"sp-pcp-post-details-content\">\n\t\t\t\t\t\t\t\t<h2 class=\"sp-pcp-title\">\n\t\t\t\t\t\t\t\t\t<a href=\"https:\/\/ccargtur.org\/en\/agreement-with-fecoba-2\/\"  target=\"_self\">Agreement with FECOBA<\/a>\t\t\t\t\t\t\t<\/h2>\n\t\t\t\t\t\t<div class=\"sp-pcp-post-content\">\n\t\t\t<p>CCAT Activity on Monday, May 5, 2025 The Argentine-Turkish Chamber of Commerce signed a cooperation agreement with the Federation of Commerce and Industry of the City of Buenos Aires. The last May 5,\u00a0 Argentine-Turkish Chamber of Commerce (CCAT) (NGO) and the Federation of Commerce and...<\/p>\n\t\t<div class=\"sp-pcp-readmore\">\n\t\t\t\t\t\t\t<a class=\"pcp-readmore-link\" target=\"_self\" href=\"https:\/\/ccargtur.org\/en\/agreement-with-fecoba-2\/\" >\n\t\t\t\t\t\tRead More <\/a>\n\t\t<\/div>\n\t\t\t\t\t<\/div>\n\t\t\t\t\t\t\t\t<\/div>\n\t\t\t\t<\/div>\n\t\t\t<\/div>\n\t\t<\/div>\n\t\t\t\t<div class=\" sp-pcp-col-xs-2 sp-pcp-col-sm-2 sp-pcp-col-md-3 sp-pcp-col-lg-3 sp-pcp-col-xl-3\">\n\t\t\t<div class=\"sp-pcp-post default pcp-item-2929\" data-id=\"2929\">\n\t\t\t\t\t\t\t\t<div class=\"pcp-post-thumb-wrapper\">\n\t\t\t\t\t<div class=\"sp-pcp-post-thumb-area\">\n\t\t\t\t\t\t\t\t\t\t\t\t<a class=\"sp-pcp-thumb\" href=\"https:\/\/ccargtur.org\/en\/mercosur-european-union-and-turkiye\/\" target=\"_self\" >\n\t\t\t\t\t\t\t\t\t\t\t\t\t<img loading=\"lazy\" decoding=\"async\" src=\"https:\/\/ccargtur.org\/wp-content\/uploads\/2025\/09\/Imagen-de-WhatsApp-2025-09-26-a-las-05.08.26_e1c76cc8.jpg\" width=\"980\" height=\"549\" alt=\"\">\n\t\t\t\t\t\t<\/a>\n\t\t\t\t\t<\/div>\n\t\t\t\t<\/div>\n\t\t\t\t\t\t\t\t<div class=\"sp-pcp-post-details\">\n\t\t\t\t\t<div class=\"sp-pcp-post-details-content\">\n\t\t\t\t\t\t\t\t<h2 class=\"sp-pcp-title\">\n\t\t\t\t\t\t\t\t\t<a href=\"https:\/\/ccargtur.org\/en\/mercosur-european-union-and-turkiye\/\"  target=\"_self\">Mercosur, European Union, and T\u00fcrkiye: Opportunity or Threat?<\/a>\t\t\t\t\t\t\t<\/h2>\n\t\t\t\t\t\t<div class=\"sp-pcp-post-content\">\n\t\t\t<p>By \u00d6zg\u00fcr Y\u00fccel Demir*, for Forbes After 25 years of negotiations, on September 3, the European Union finally adopted the legal text enabling the ratification of the free trade agreement signed between the European Union (EU) and Mercosur. In doing so, Brussels opened the doors...<\/p>\n\t\t<div class=\"sp-pcp-readmore\">\n\t\t\t\t\t\t\t<a class=\"pcp-readmore-link\" target=\"_self\" href=\"https:\/\/ccargtur.org\/en\/mercosur-european-union-and-turkiye\/\" >\n\t\t\t\t\t\tRead More <\/a>\n\t\t<\/div>\n\t\t\t\t\t<\/div>\n\t\t\t\t\t\t\t\t<\/div>\n\t\t\t\t<\/div>\n\t\t\t<\/div>\n\t\t<\/div>\n\t\t\t\t<div class=\" sp-pcp-col-xs-2 sp-pcp-col-sm-2 sp-pcp-col-md-3 sp-pcp-col-lg-3 sp-pcp-col-xl-3\">\n\t\t\t<div class=\"sp-pcp-post default pcp-item-2985\" data-id=\"2985\">\n\t\t\t\t\t\t\t\t<div class=\"pcp-post-thumb-wrapper\">\n\t\t\t\t\t<div class=\"sp-pcp-post-thumb-area\">\n\t\t\t\t\t\t\t\t\t\t\t\t<a class=\"sp-pcp-thumb\" href=\"https:\/\/ccargtur.org\/en\/agreement-with-fecoba-3\/\" target=\"_self\" >\n\t\t\t\t\t\t\t\t\t\t\t\t\t<img loading=\"lazy\" decoding=\"async\" src=\"https:\/\/ccargtur.org\/wp-content\/uploads\/2025\/10\/Imagen-de-WhatsApp-2025-10-07-a-las-05.31.31_0e7c52f3.jpg\" width=\"1600\" height=\"1200\" alt=\"\">\n\t\t\t\t\t\t<\/a>\n\t\t\t\t\t<\/div>\n\t\t\t\t<\/div>\n\t\t\t\t\t\t\t\t<div class=\"sp-pcp-post-details\">\n\t\t\t\t\t<div class=\"sp-pcp-post-details-content\">\n\t\t\t\t\t\t\t\t<h2 class=\"sp-pcp-title\">\n\t\t\t\t\t\t\t\t\t<a href=\"https:\/\/ccargtur.org\/en\/agreement-with-fecoba-3\/\"  target=\"_self\">Agreement with FECOBA<\/a>\t\t\t\t\t\t\t<\/h2>\n\t\t\t\t\t\t<div class=\"sp-pcp-post-content\">\n\t\t\t<p>CCAT Activity on Monday, May 5, 2025 The Argentine-Turkish Chamber of Commerce signed a cooperation agreement with the Federation of Commerce and Industry of the City of Buenos Aires. The last May 5,\u00a0 Argentine-Turkish Chamber of Commerce (CCAT) (NGO) and the Federation of Commerce and...<\/p>\n\t\t<div class=\"sp-pcp-readmore\">\n\t\t\t\t\t\t\t<a class=\"pcp-readmore-link\" target=\"_self\" href=\"https:\/\/ccargtur.org\/en\/agreement-with-fecoba-3\/\" >\n\t\t\t\t\t\tRead More <\/a>\n\t\t<\/div>\n\t\t\t\t\t<\/div>\n\t\t\t\t\t\t\t\t<\/div>\n\t\t\t\t<\/div>\n\t\t\t<\/div>\n\t\t<\/div>\n\t\t\t\t<div class=\" sp-pcp-col-xs-2 sp-pcp-col-sm-2 sp-pcp-col-md-3 sp-pcp-col-lg-3 sp-pcp-col-xl-3\">\n\t\t\t<div class=\"sp-pcp-post default pcp-item-2978\" data-id=\"2978\">\n\t\t\t\t\t\t\t\t<div class=\"pcp-post-thumb-wrapper\">\n\t\t\t\t\t<div class=\"sp-pcp-post-thumb-area\">\n\t\t\t\t\t\t\t\t\t\t\t\t<a class=\"sp-pcp-thumb\" href=\"https:\/\/ccargtur.org\/en\/agreement-with-fecoba-4\/\" target=\"_self\" >\n\t\t\t\t\t\t\t\t\t\t\t\t\t<img loading=\"lazy\" decoding=\"async\" src=\"https:\/\/ccargtur.org\/wp-content\/uploads\/2025\/10\/Imagen-de-WhatsApp-2025-10-07-a-las-05.30.18_d66000fc.jpg\" width=\"1200\" height=\"1000\" alt=\"\">\n\t\t\t\t\t\t<\/a>\n\t\t\t\t\t<\/div>\n\t\t\t\t<\/div>\n\t\t\t\t\t\t\t\t<div class=\"sp-pcp-post-details\">\n\t\t\t\t\t<div class=\"sp-pcp-post-details-content\">\n\t\t\t\t\t\t\t\t<h2 class=\"sp-pcp-title\">\n\t\t\t\t\t\t\t\t\t<a href=\"https:\/\/ccargtur.org\/en\/agreement-with-fecoba-4\/\"  target=\"_self\">Agreement with FECOBA<\/a>\t\t\t\t\t\t\t<\/h2>\n\t\t\t\t\t\t<div class=\"sp-pcp-post-content\">\n\t\t\t<p>CCAT Activity on Monday, May 5, 2025 The Argentine-Turkish Chamber of Commerce signed a cooperation agreement with the Federation of Commerce and Industry of the City of Buenos Aires. The last May 5,\u00a0 Argentine-Turkish Chamber of Commerce (CCAT) (NGO) and the Federation of Commerce and...<\/p>\n\t\t<div class=\"sp-pcp-readmore\">\n\t\t\t\t\t\t\t<a class=\"pcp-readmore-link\" target=\"_self\" href=\"https:\/\/ccargtur.org\/en\/agreement-with-fecoba-4\/\" >\n\t\t\t\t\t\tRead More <\/a>\n\t\t<\/div>\n\t\t\t\t\t<\/div>\n\t\t\t\t\t\t\t\t<\/div>\n\t\t\t\t<\/div>\n\t\t\t<\/div>\n\t\t<\/div>\n\t\t\t<\/div>\n\t\t<span class=\"sp-pcp-pagination-data\" style=\"display:none;\"><\/span>\n\n\t\t<nav class=\"pcp-post-pagination pcp-on-desktop\">\n\t\t\t<span aria-current=\"page\" class=\"page-numbers current\">1<\/span><a class=\"page-numbers\" href=\"https:\/\/ccargtur.org\/en\/wp-json\/wp\/v2\/pages\/1375\/?paged2796=2\">2<\/a><a class=\"next page-numbers\" href=\"https:\/\/ccargtur.org\/en\/wp-json\/wp\/v2\/pages\/1375\/?paged2796=2\"><i class=\"fa fa-angle-right\"><\/i><\/a>\t\t<\/nav>\n\t\t\t\t\t<nav class=\"pcp-post-pagination pcp-on-mobile\">\n\t\t\t<span aria-current=\"page\" class=\"page-numbers current\">1<\/span><a class=\"page-numbers\" href=\"https:\/\/ccargtur.org\/en\/wp-json\/wp\/v2\/pages\/1375\/?paged2796=2\">2<\/a><a class=\"next page-numbers\" href=\"https:\/\/ccargtur.org\/en\/wp-json\/wp\/v2\/pages\/1375\/?paged2796=2\"><i class=\"fa fa-angle-right\"><\/i><\/a>\t\t<\/nav>\n\t\t\t\t<\/div>\n<p>[\/vc_column_text][\/vc_column][\/vc_row]<\/p>\n<\/div>","protected":false},"excerpt":{"rendered":"<p>CCAT Activity on Monday, May 5, 2025 The Argentine-Turkish Chamber of Commerce signed a cooperation agreement with the Federation of Commerce and Industry of the City of Buenos Aires. The last May 5,\u00a0 Argentine-Turkish Chamber of Commerce (CCAT) (NGO) and the Federation of Commerce and&#8230;<\/p>\n","protected":false},"author":1,"featured_media":0,"parent":0,"menu_order":0,"comment_status":"closed","ping_status":"closed","template":"","meta":{"cybocfi_hide_featured_image":"","footnotes":"","_links_to":"","_links_to_target":""},"class_list":["post-1375","page","type-page","status-publish","hentry"],"yoast_head":"<!-- This site is optimized with the Yoast SEO Premium plugin v27.3 (Yoast SEO v28.4) - https:\/\/yoast.com\/product\/yoast-seo-premium-wordpress\/ -->\n<title>News - C\u00e1mara de Comercio Argentino - Turca<\/title>\n<meta name=\"robots\" content=\"index, follow, max-snippet:-1, max-image-preview:large, max-video-preview:-1\" \/>\n<link rel=\"canonical\" href=\"https:\/\/ccargtur.org\/en\/news\/\" \/>\n<meta property=\"og:locale\" content=\"en_US\" \/>\n<meta property=\"og:type\" content=\"article\" \/>\n<meta property=\"og:title\" content=\"News\" \/>\n<meta property=\"og:description\" content=\"CCAT Activity on Monday, May 5, 2025 The Argentine-Turkish Chamber of Commerce signed a cooperation agreement with the Federation of Commerce and Industry of the City of Buenos Aires. The last May 5,\u00a0 Argentine-Turkish Chamber of Commerce (CCAT) (NGO) and the Federation of Commerce and...\" \/>\n<meta property=\"og:url\" content=\"https:\/\/ccargtur.org\/en\/news\/\" \/>\n<meta property=\"og:site_name\" content=\"C\u00e1mara de Comercio Argentino - Turca\" \/>\n<meta property=\"article:modified_time\" content=\"2025-08-27T03:27:10+00:00\" \/>\n<meta name=\"twitter:card\" content=\"summary_large_image\" \/>\n<meta name=\"twitter:label1\" content=\"Est. reading time\" \/>\n\t<meta name=\"twitter:data1\" content=\"1 minute\" \/>\n<script type=\"application\/ld+json\" class=\"yoast-schema-graph\">{\"@context\":\"https:\\\/\\\/schema.org\",\"@graph\":[{\"@type\":\"WebPage\",\"@id\":\"https:\\\/\\\/ccargtur.org\\\/en\\\/news\\\/\",\"url\":\"https:\\\/\\\/ccargtur.org\\\/en\\\/news\\\/\",\"name\":\"News - C\u00e1mara de Comercio Argentino - Turca\",\"isPartOf\":{\"@id\":\"https:\\\/\\\/ccargtur.org\\\/#website\"},\"datePublished\":\"2021-11-17T15:50:25+00:00\",\"dateModified\":\"2025-08-27T03:27:10+00:00\",\"breadcrumb\":{\"@id\":\"https:\\\/\\\/ccargtur.org\\\/en\\\/news\\\/#breadcrumb\"},\"inLanguage\":\"en-US\",\"potentialAction\":[{\"@type\":\"ReadAction\",\"target\":[\"https:\\\/\\\/ccargtur.org\\\/en\\\/news\\\/\"]}]},{\"@type\":\"BreadcrumbList\",\"@id\":\"https:\\\/\\\/ccargtur.org\\\/en\\\/news\\\/#breadcrumb\",\"itemListElement\":[{\"@type\":\"ListItem\",\"position\":1,\"name\":\"Inicio\",\"item\":\"https:\\\/\\\/ccargtur.org\\\/en\\\/\"},{\"@type\":\"ListItem\",\"position\":2,\"name\":\"News\"}]},{\"@type\":\"WebSite\",\"@id\":\"https:\\\/\\\/ccargtur.org\\\/#website\",\"url\":\"https:\\\/\\\/ccargtur.org\\\/\",\"name\":\"C\u00e1mara de Comercio Argentino - Turca\",\"description\":\"\",\"publisher\":{\"@id\":\"https:\\\/\\\/ccargtur.org\\\/#organization\"},\"potentialAction\":[{\"@type\":\"SearchAction\",\"target\":{\"@type\":\"EntryPoint\",\"urlTemplate\":\"https:\\\/\\\/ccargtur.org\\\/?s={search_term_string}\"},\"query-input\":{\"@type\":\"PropertyValueSpecification\",\"valueRequired\":true,\"valueName\":\"search_term_string\"}}],\"inLanguage\":\"en-US\"},{\"@type\":\"Organization\",\"@id\":\"https:\\\/\\\/ccargtur.org\\\/#organization\",\"name\":\"C\u00e1mara de Comercio Argentino - Turca\",\"url\":\"https:\\\/\\\/ccargtur.org\\\/\",\"logo\":{\"@type\":\"ImageObject\",\"inLanguage\":\"en-US\",\"@id\":\"https:\\\/\\\/ccargtur.org\\\/#\\\/schema\\\/logo\\\/image\\\/\",\"url\":\"https:\\\/\\\/i0.wp.com\\\/ccargtur.org\\\/wp-content\\\/uploads\\\/2021\\\/11\\\/LOGO-CCARGTUR.webp?fit=2150%2C856&ssl=1\",\"contentUrl\":\"https:\\\/\\\/i0.wp.com\\\/ccargtur.org\\\/wp-content\\\/uploads\\\/2021\\\/11\\\/LOGO-CCARGTUR.webp?fit=2150%2C856&ssl=1\",\"width\":2150,\"height\":856,\"caption\":\"C\u00e1mara de Comercio Argentino - Turca\"},\"image\":{\"@id\":\"https:\\\/\\\/ccargtur.org\\\/#\\\/schema\\\/logo\\\/image\\\/\"}}]}<\/script>\n<!-- \/ Yoast SEO Premium plugin. -->","yoast_head_json":{"title":"News - C\u00e1mara de Comercio Argentino - Turca","robots":{"index":"index","follow":"follow","max-snippet":"max-snippet:-1","max-image-preview":"max-image-preview:large","max-video-preview":"max-video-preview:-1"},"canonical":"https:\/\/ccargtur.org\/en\/news\/","og_locale":"en_US","og_type":"article","og_title":"News","og_description":"CCAT Activity on Monday, May 5, 2025 The Argentine-Turkish Chamber of Commerce signed a cooperation agreement with the Federation of Commerce and Industry of the City of Buenos Aires. The last May 5,\u00a0 Argentine-Turkish Chamber of Commerce (CCAT) (NGO) and the Federation of Commerce and...","og_url":"https:\/\/ccargtur.org\/en\/news\/","og_site_name":"C\u00e1mara de Comercio Argentino - Turca","article_modified_time":"2025-08-27T03:27:10+00:00","twitter_card":"summary_large_image","twitter_misc":{"Est. reading time":"1 minute"},"schema":{"@context":"https:\/\/schema.org","@graph":[{"@type":"WebPage","@id":"https:\/\/ccargtur.org\/en\/news\/","url":"https:\/\/ccargtur.org\/en\/news\/","name":"News - C\u00e1mara de Comercio Argentino - Turca","isPartOf":{"@id":"https:\/\/ccargtur.org\/#website"},"datePublished":"2021-11-17T15:50:25+00:00","dateModified":"2025-08-27T03:27:10+00:00","breadcrumb":{"@id":"https:\/\/ccargtur.org\/en\/news\/#breadcrumb"},"inLanguage":"en-US","potentialAction":[{"@type":"ReadAction","target":["https:\/\/ccargtur.org\/en\/news\/"]}]},{"@type":"BreadcrumbList","@id":"https:\/\/ccargtur.org\/en\/news\/#breadcrumb","itemListElement":[{"@type":"ListItem","position":1,"name":"Inicio","item":"https:\/\/ccargtur.org\/en\/"},{"@type":"ListItem","position":2,"name":"News"}]},{"@type":"WebSite","@id":"https:\/\/ccargtur.org\/#website","url":"https:\/\/ccargtur.org\/","name":"C\u00e1mara de Comercio Argentino - Turca","description":"","publisher":{"@id":"https:\/\/ccargtur.org\/#organization"},"potentialAction":[{"@type":"SearchAction","target":{"@type":"EntryPoint","urlTemplate":"https:\/\/ccargtur.org\/?s={search_term_string}"},"query-input":{"@type":"PropertyValueSpecification","valueRequired":true,"valueName":"search_term_string"}}],"inLanguage":"en-US"},{"@type":"Organization","@id":"https:\/\/ccargtur.org\/#organization","name":"C\u00e1mara de Comercio Argentino - Turca","url":"https:\/\/ccargtur.org\/","logo":{"@type":"ImageObject","inLanguage":"en-US","@id":"https:\/\/ccargtur.org\/#\/schema\/logo\/image\/","url":"https:\/\/i0.wp.com\/ccargtur.org\/wp-content\/uploads\/2021\/11\/LOGO-CCARGTUR.webp?fit=2150%2C856&ssl=1","contentUrl":"https:\/\/i0.wp.com\/ccargtur.org\/wp-content\/uploads\/2021\/11\/LOGO-CCARGTUR.webp?fit=2150%2C856&ssl=1","width":2150,"height":856,"caption":"C\u00e1mara de Comercio Argentino - Turca"},"image":{"@id":"https:\/\/ccargtur.org\/#\/schema\/logo\/image\/"}}]}},"_links":{"self":[{"href":"https:\/\/ccargtur.org\/en\/wp-json\/wp\/v2\/pages\/1375","targetHints":{"allow":["GET"]}}],"collection":[{"href":"https:\/\/ccargtur.org\/en\/wp-json\/wp\/v2\/pages"}],"about":[{"href":"https:\/\/ccargtur.org\/en\/wp-json\/wp\/v2\/types\/page"}],"author":[{"embeddable":true,"href":"https:\/\/ccargtur.org\/en\/wp-json\/wp\/v2\/users\/1"}],"replies":[{"embeddable":true,"href":"https:\/\/ccargtur.org\/en\/wp-json\/wp\/v2\/comments?post=1375"}],"version-history":[{"count":0,"href":"https:\/\/ccargtur.org\/en\/wp-json\/wp\/v2\/pages\/1375\/revisions"}],"wp:attachment":[{"href":"https:\/\/ccargtur.org\/en\/wp-json\/wp\/v2\/media?parent=1375"}],"curies":[{"name":"wp","href":"https:\/\/api.w.org\/{rel}","templated":true}]}}